{"id":864,"date":"2016-11-15T19:11:04","date_gmt":"2016-11-15T19:11:04","guid":{"rendered":"http:\/\/ecav.pt\/home\/?page_id=864"},"modified":"2019-06-18T14:29:12","modified_gmt":"2019-06-18T14:29:12","slug":"responsabilidade-social","status":"publish","type":"page","link":"https:\/\/ecav.pt\/index.php\/responsabilidade-social\/","title":{"rendered":"Responsabilidade Social"},"content":{"rendered":"<div class=\"wpb-content-wrapper\"><p>[vc_row container=&#8221;1&#8243;][vc_column width=&#8221;3\/4&#8243; css=&#8221;.vc_custom_1478201336408{margin-top: 50px !important;padding-right: 30px !important;}&#8221;][vc_column_text]<\/p>\n<h4 style=\"text-align: justify;\"><strong>A ECAV APOIA O DESPORTO LOCAL<\/strong><\/h4>\n<p>&nbsp;<\/p>\n<p style=\"text-align: justify;\">Sabemos que os adolescentes e jovens de hoje s\u00e3o os condutores de amanh\u00e3 e, por isso, queremos estar presentes na sua forma\u00e7\u00e3o desde cedo. Desta forma, encontr\u00e1mos no Desporto a oportunidade ideal para o fazer.<\/p>\n<p style=\"text-align: justify;\">Ao longo dos anos temos vindo a apoiar v\u00e1rios clubes e atletas. Queremos n\u00e3o s\u00f3 ajudar no desenvolvimento do desporto local, mas tamb\u00e9m consolidar o nosso papel como uma empresa de refer\u00eancia nos concelhos de Oeiras e Cascais.<\/p>\n<p style=\"text-align: justify;\">Hoje dentro do campo, amanh\u00e3 nas estradas portuguesas, a ECAV refor\u00e7a a import\u00e2ncia de incutir responsabilidade, foco e seguran\u00e7a nos jovens, que constituem o principal\u00a0<em>target<\/em>\u00a0da escola.<\/p>\n<p style=\"text-align: justify;\">Alguns exemplos do envolvimento da ECAV no desporto local :<\/p>\n<p>Patrocinador Oficial do <a href=\"https:\/\/www.clubefutsaldeoeiras.pt\" target=\"_blank\" rel=\"noopener noreferrer\">Clube de Futsal de Oeiras<\/a><\/p>\n<p>Apoio ao Futsal Feminino do Centro Recreativo e Cultural da Quinta dos Lombos<\/p>\n<p>Apoio ao atleta Martim Monteiro em Windsurf<\/p>\n<p>Apoio ao atleta Rui Ferreira em Skate<\/p>\n<p>Apoio aos atletas <a href=\"https:\/\/www.facebook.com\/ECAV-Bernardo-Silva-Tomas-Rocha-1009587102423104\/\" target=\"_blank\" rel=\"noopener noreferrer\">Bernardo Silva e Tom\u00e1s Rocha<\/a> em Voleibol de Praia<\/p>\n<p>Apoio ao atleta Rodrigo Magalh\u00e3es em T\u00e9nis<\/p>\n<p>Apoio \u00e0\u00a0atleta <a href=\"https:\/\/www.facebook.com\/Maria-Andr%C3%A9-1383359945056525\/\" target=\"_blank\" rel=\"noopener noreferrer\">Maria Andr\u00e9<\/a>\u00a0em T\u00e9nis<\/p>\n<p>Patroc\u00ednio de v\u00e1rios torneios de T\u00e9nis<\/p>\n<p>Patroc\u00ednio de v\u00e1rios provas de Skate<\/p>\n<p>Patroc\u00ednio de evento(s) de Voleibol<\/p>\n<p>Patroc\u00ednio de evento(s) de Futsal<\/p>\n<p>Patroc\u00ednio de evento(s) de Kickboxing &amp; Muay Thai<\/p>\n<p>Patroc\u00ednio do\u00a05\u00ba Torneio de Andebol do <a href=\"https:\/\/www.facebook.com\/cfsassoeiros\" target=\"_blank\" rel=\"noopener noreferrer\">Clube de Futebol de Sassoeiros<\/a><\/p>\n<p>Patroc\u00ednio do <a href=\"https:\/\/www.facebook.com\/openoeiras\/\" target=\"_blank\" rel=\"noopener noreferrer\">ECAV Open Oeiras<\/a> em T\u00e9nis[\/vc_column_text][vc_empty_space][\/vc_column][vc_column width=&#8221;1\/4&#8243; css=&#8221;.vc_custom_1477931508847{margin-top: 50px !important;}&#8221;][vc_widget_sidebar sidebar_id=&#8221;blog-sidebar&#8221; el_class=&#8221;sidebar&#8221;][\/vc_column][\/vc_row]<\/p>\n<\/div>","protected":false},"excerpt":{"rendered":"<p>[vc_row container=&#8221;1&#8243;][vc_column width=&#8221;3\/4&#8243; css=&#8221;.vc_custom_1478201336408{margin-top: 50px !important;padding-right: 30px !important;}&#8221;][vc_column_text] A ECAV APOIA O DESPORTO LOCAL &nbsp; Sabemos que os adolescentes e jovens de hoje s\u00e3o os condutores de amanh\u00e3 e, por isso, queremos estar presentes na sua forma\u00e7\u00e3o desde cedo. Desta forma, encontr\u00e1mos no Desporto a oportunidade ideal para o fazer. Ao longo dos anos temos<\/p>\n","protected":false},"author":1,"featured_media":0,"parent":0,"menu_order":0,"comment_status":"open","ping_status":"closed","template":"tpl-visual_composer.php","meta":{"footnotes":""},"class_list":["post-864","page","type-page","status-publish","hentry"],"aioseo_notices":[],"_links":{"self":[{"href":"https:\/\/ecav.pt\/index.php\/wp-json\/wp\/v2\/pages\/864","targetHints":{"allow":["GET"]}}],"collection":[{"href":"https:\/\/ecav.pt\/index.php\/wp-json\/wp\/v2\/pages"}],"about":[{"href":"https:\/\/ecav.pt\/index.php\/wp-json\/wp\/v2\/types\/page"}],"author":[{"embeddable":true,"href":"https:\/\/ecav.pt\/index.php\/wp-json\/wp\/v2\/users\/1"}],"replies":[{"embeddable":true,"href":"https:\/\/ecav.pt\/index.php\/wp-json\/wp\/v2\/comments?post=864"}],"version-history":[{"count":0,"href":"https:\/\/ecav.pt\/index.php\/wp-json\/wp\/v2\/pages\/864\/revisions"}],"wp:attachment":[{"href":"https:\/\/ecav.pt\/index.php\/wp-json\/wp\/v2\/media?parent=864"}],"curies":[{"name":"wp","href":"https:\/\/api.w.org\/{rel}","templated":true}]}}